{"id":27,"date":"2019-02-17T21:41:59","date_gmt":"2019-02-17T20:41:59","guid":{"rendered":"http:\/\/francaisdumonde-losangeles.org\/?page_id=27"},"modified":"2022-11-03T20:20:54","modified_gmt":"2022-11-04T03:20:54","slug":"qui-sommes-nous","status":"publish","type":"page","link":"https:\/\/francaisdumonde-losangeles.org\/index.php\/qui-sommes-nous\/","title":{"rendered":"Qui sommes-nous ?"},"content":{"rendered":"\n<p>Fran\u00e7ais du Monde Los Angeles est l&#8217;une des sections am\u00e9ricaines de l&#8217;association reconnue d&#8217;utilit\u00e9 publique Fran\u00e7ais du Monde &#8211; adfe, qui rassemble depuis 1980 tous les Fran\u00e7ais qui, hors de France, partagent les id\u00e9aux et les valeurs de justice sociale, de pluralisme, de tol\u00e9rance, de d\u00e9mocratie, de solidarit\u00e9.<\/p>\n\n\n\n<p>A Los Angeles, Fran\u00e7ais du Monde propose des \u00e9v\u00e9nements conviviaux, des actions de solidarit\u00e9, des conf\u00e9rences th\u00e9matiques, des partenariats avec des associations locales, des rencontres r\u00e9guli\u00e8res avec des repr\u00e9sentants des Fran\u00e7ais \u00e0 l&#8217;\u00e9tranger, une participation dans les instances consultatives de la communaut\u00e9,&#8230; et bien d&#8217;autres \u00e9v\u00e9nements, toujours dans un esprit de partage, d&#8217;\u00e9change et de solidarit\u00e9.<\/p>\n\n\n\n<p>Composition du Bureau (2021) :<\/p>\n\n\n\n<ul class=\"wp-block-list\"><li>Pr\u00e9sident : Alain Charbonnier<\/li><li>Vice-Pr\u00e9sidente : H\u00e9l\u00e8ne Demeest\u00e8re<\/li><li>Tr\u00e9sori\u00e8re : C\u00e9line Amilien<\/li><li>Responsable Communication et R\u00e9seaux Sociaux : Jean-Baptiste Piron<\/li><\/ul>\n","protected":false},"excerpt":{"rendered":"<p>Fran\u00e7ais du Monde est une association reconnue d&#8217;utilit\u00e9 publique rassemblant tous les Fran\u00e7ais qui, hors de France, partagent les id\u00e9aux et les valeurs de justice sociale, de pluralisme, de tol\u00e9rance, de d\u00e9mocratie, de solidarit\u00e9. <\/p>\n","protected":false},"author":1,"featured_media":286,"parent":0,"menu_order":0,"comment_status":"closed","ping_status":"closed","template":"","meta":{"footnotes":""},"class_list":["post-27","page","type-page","status-publish","has-post-thumbnail","hentry"],"_links":{"self":[{"href":"https:\/\/francaisdumonde-losangeles.org\/index.php\/wp-json\/wp\/v2\/pages\/27","targetHints":{"allow":["GET"]}}],"collection":[{"href":"https:\/\/francaisdumonde-losangeles.org\/index.php\/wp-json\/wp\/v2\/pages"}],"about":[{"href":"https:\/\/francaisdumonde-losangeles.org\/index.php\/wp-json\/wp\/v2\/types\/page"}],"author":[{"embeddable":true,"href":"https:\/\/francaisdumonde-losangeles.org\/index.php\/wp-json\/wp\/v2\/users\/1"}],"replies":[{"embeddable":true,"href":"https:\/\/francaisdumonde-losangeles.org\/index.php\/wp-json\/wp\/v2\/comments?post=27"}],"version-history":[{"count":7,"href":"https:\/\/francaisdumonde-losangeles.org\/index.php\/wp-json\/wp\/v2\/pages\/27\/revisions"}],"predecessor-version":[{"id":276,"href":"https:\/\/francaisdumonde-losangeles.org\/index.php\/wp-json\/wp\/v2\/pages\/27\/revisions\/276"}],"wp:featuredmedia":[{"embeddable":true,"href":"https:\/\/francaisdumonde-losangeles.org\/index.php\/wp-json\/wp\/v2\/media\/286"}],"wp:attachment":[{"href":"https:\/\/francaisdumonde-losangeles.org\/index.php\/wp-json\/wp\/v2\/media?parent=27"}],"curies":[{"name":"wp","href":"https:\/\/api.w.org\/{rel}","templated":true}]}}