{"id":32,"date":"2019-02-17T21:46:54","date_gmt":"2019-02-17T20:46:54","guid":{"rendered":"http:\/\/francaisdumonde-losangeles.org\/?page_id=32"},"modified":"2019-02-17T21:31:19","modified_gmt":"2019-02-18T05:31:19","slug":"adhesion","status":"publish","type":"page","link":"https:\/\/francaisdumonde-losangeles.org\/index.php\/adhesion\/","title":{"rendered":"Adh\u00e9sion"},"content":{"rendered":"\n<h4 class=\"wp-block-heading\" id=\"mce_0\"><br>Pourquoi adh\u00e9rer ?<\/h4>\n\n\n\n<ul class=\"wp-block-list\"><li>Pour soutenir une association civique engag\u00e9e sur les valeurs de gauche<\/li><li>Pour exercer votre citoyennet\u00e9 fran\u00e7aise<\/li><li>Pour participer \u00e0 la d\u00e9fense de vos droits<\/li><li>Pour faire partie d\u2019un r\u00e9seau local et mondial de citoyens fran\u00e7ais<\/li><li>Pour \u00eatre bien inform\u00e9s de l\u2019actualit\u00e9 qui vous concerne<\/li><li>Pour b\u00e9n\u00e9ficier de conseils<\/li><li>Pour \u00eatre orient\u00e9 dans vos d\u00e9marches aupr\u00e8s de l\u2019administration fran\u00e7aise<\/li><li>Pour entretenir un contact privil\u00e9gi\u00e9 avec vos conseillers consulaires \u00e9lus de terrain ;&nbsp;parmi eux certains si\u00e8gent \u00e0 l\u2019Assembl\u00e9e des Fran\u00e7ais de l\u2019\u00e9tranger (AFE)<\/li><li>Pour pr\u00e9parer votre expatriation ou votre retour en France<\/li><li>Pour garder un lien avec la vie en France et la langue fran\u00e7aise<\/li><\/ul>\n\n\n\n<h4 class=\"wp-block-heading\" id=\"mce_2\">Comment adh\u00e9rer ?<\/h4>\n\n\n\n<p>Deux options : <\/p>\n\n\n\n<ul class=\"wp-block-list\"><li>Contactez-vous directement par email : <a href=\"mailto:section.fdm.la@gmail.com\">section.fdm.la@gmail.com<\/a> <\/li><li>Sur le site de Fran\u00e7ais du Monde : <a href=\"http:\/\/www.francais-du-monde.org\/adherer-en-ligne\">http:\/\/www.francais-du-monde.org\/adherer-en-ligne<\/a><\/li><\/ul>\n","protected":false},"excerpt":{"rendered":"<p>Pourquoi adh\u00e9rer ? Pour soutenir une association civique engag\u00e9e sur les valeurs de gauche Pour exercer votre citoyennet\u00e9 fran\u00e7aise Pour participer \u00e0 la d\u00e9fense de vos droits Pour faire partie d\u2019un r\u00e9seau local et mondial de citoyens fran\u00e7ais Pour \u00eatre bien inform\u00e9s de l\u2019actualit\u00e9 qui vous concerne Pour b\u00e9n\u00e9ficier de conseils Pour \u00eatre orient\u00e9 dans [&hellip;]<\/p>\n","protected":false},"author":1,"featured_media":0,"parent":0,"menu_order":0,"comment_status":"closed","ping_status":"closed","template":"","meta":{"footnotes":""},"class_list":["post-32","page","type-page","status-publish","hentry"],"_links":{"self":[{"href":"https:\/\/francaisdumonde-losangeles.org\/index.php\/wp-json\/wp\/v2\/pages\/32","targetHints":{"allow":["GET"]}}],"collection":[{"href":"https:\/\/francaisdumonde-losangeles.org\/index.php\/wp-json\/wp\/v2\/pages"}],"about":[{"href":"https:\/\/francaisdumonde-losangeles.org\/index.php\/wp-json\/wp\/v2\/types\/page"}],"author":[{"embeddable":true,"href":"https:\/\/francaisdumonde-losangeles.org\/index.php\/wp-json\/wp\/v2\/users\/1"}],"replies":[{"embeddable":true,"href":"https:\/\/francaisdumonde-losangeles.org\/index.php\/wp-json\/wp\/v2\/comments?post=32"}],"version-history":[{"count":10,"href":"https:\/\/francaisdumonde-losangeles.org\/index.php\/wp-json\/wp\/v2\/pages\/32\/revisions"}],"predecessor-version":[{"id":35,"href":"https:\/\/francaisdumonde-losangeles.org\/index.php\/wp-json\/wp\/v2\/pages\/32\/revisions\/35"}],"wp:attachment":[{"href":"https:\/\/francaisdumonde-losangeles.org\/index.php\/wp-json\/wp\/v2\/media?parent=32"}],"curies":[{"name":"wp","href":"https:\/\/api.w.org\/{rel}","templated":true}]}}